{"id":291,"date":"2021-02-06T12:13:54","date_gmt":"2021-02-06T11:13:54","guid":{"rendered":"http:\/\/bender.pixxel-network.de\/?page_id=291"},"modified":"2022-09-08T12:52:06","modified_gmt":"2022-09-08T11:52:06","slug":"ueber-uns","status":"publish","type":"page","link":"https:\/\/www.galerie-bender.de\/de\/ueber-uns\/","title":{"rendered":"\u00dcber uns"},"content":{"rendered":"<div id=\"modal-ready\">\n<p>Die Galerie Renate Bender wurde 1987 gegr\u00fcndet und befindet sich seit April 2014 in der T\u00fcrkenstra\u00dfe 11 in M\u00fcnchen, in direkter Nachbarschaft zu den Pinakotheken.\u00a0Von Beginn an widmet sich die Galerie der zeitgen\u00f6ssischen Kunst mit der Ausrichtung auf reduzierte Formen der Malerei, Fotografie und Bildhauerei, vorwiegend im Bereich minimaler, monochromer und konkreter Ausdrucksformen mit internationaler Ausrichtung.\u00a0<\/p>\n\n\n\n<p>Der feste, \u00fcber die Jahre gewachsene K\u00fcnstlerstamm umfasst sowohl auf dem Kunstmarkt etablierte Positionen als auch junge Talente. Jedes Jahr werden in den gro\u00dfz\u00fcgigen Galerier\u00e4umen im M\u00fcnchner Kunstareal etwa f\u00fcnf Ausstellungen gezeigt. Die Galerie ist au\u00dferdem regelm\u00e4\u00dfig auf nationalen und internationalen Messen vertreten. Die Galerie-eigene Publikationsreihe umfasst mittlerweile mehrere Dutzend Kataloge zu K\u00fcnstler*Innen und Galerieausstellungen und ist mit ihrem unverkennbaren Look mittlerweile zu einem breiten Farbf\u00e4cher angewachsen. Ein weiterer Beitrag zur Kunstvermittlung ist die Veranstaltungsreihe \u201eBender Talk\u201c, welche Expert*Innen verschiedenster Fachgebiete ebenso wie K\u00fcnstler*Innen zum gemeinsamen Gespr\u00e4ch in der Galerie versammelt.&nbsp;F\u00fcr Kunstvereine, \u00f6ffentliche und private Sammlungen und Museen entwickelt Renate Bender bereits seit den fr\u00fchen 1990er Jahren innovative Ausstellungskonzepte und ber\u00e4t Sammler*Innen beim Aufbau ihrer Kollektion.&nbsp;<\/p>\n\n\n\n<figure class=\"wp-block-image size-large\"><img loading=\"lazy\" decoding=\"async\" width=\"1024\" height=\"761\" src=\"http:\/\/www.galerie-bender.de\/wp-content\/uploads\/2021\/02\/IMG_E4247-1024x761.jpg\" alt=\"Renate Bender in der Ausstellung &quot;Fluoridescent&quot; mit Arbeiten von Bill Thompson 2020\" class=\"wp-image-325\" srcset=\"https:\/\/www.galerie-bender.de\/wp-content\/uploads\/2021\/02\/IMG_E4247-1024x761.jpg 1024w, https:\/\/www.galerie-bender.de\/wp-content\/uploads\/2021\/02\/IMG_E4247-300x223.jpg 300w, https:\/\/www.galerie-bender.de\/wp-content\/uploads\/2021\/02\/IMG_E4247-768x571.jpg 768w, https:\/\/www.galerie-bender.de\/wp-content\/uploads\/2021\/02\/IMG_E4247-1536x1142.jpg 1536w, https:\/\/www.galerie-bender.de\/wp-content\/uploads\/2021\/02\/IMG_E4247-2048x1523.jpg 2048w, https:\/\/www.galerie-bender.de\/wp-content\/uploads\/2021\/02\/IMG_E4247-1200x892.jpg 1200w, https:\/\/www.galerie-bender.de\/wp-content\/uploads\/2021\/02\/IMG_E4247-1980x1472.jpg 1980w\" sizes=\"auto, (max-width: 1024px) 100vw, 1024px\" \/><figcaption>Renate Bender in der Ausstellung &#8222;Fluoridescent&#8220; mit Arbeiten von Bill Thompson 2020<\/figcaption><\/figure>\n<\/div>","protected":false},"excerpt":{"rendered":"<p>Die Galerie Renate Bender wurde 1987 gegr\u00fcndet und befindet sich seit April 2014 in der T\u00fcrkenstra\u00dfe 11 in M\u00fcnchen, in direkter Nachbarschaft zu den Pinakotheken.\u00a0Von Beginn an widmet sich die Galerie der zeitgen\u00f6ssischen Kunst mit der Ausrichtung auf reduzierte Formen der Malerei, Fotografie und Bildhauerei, vorwiegend im Bereich minimaler, monochromer und konkreter Ausdrucksformen mit internationaler [&hellip;]<\/p>\n","protected":false},"author":2,"featured_media":0,"parent":0,"menu_order":0,"comment_status":"closed","ping_status":"closed","template":"","meta":{"_eb_attr":"","_uag_custom_page_level_css":"","footnotes":""},"class_list":["post-291","page","type-page","status-publish","hentry"],"acf":[],"uagb_featured_image_src":{"full":false,"thumbnail":false,"medium":false,"medium_large":false,"large":false,"1536x1536":false,"2048x2048":false,"trp-custom-language-flag":false,"square":false,"post-thumbnail":false,"twentytwenty-fullscreen":false},"uagb_author_info":{"display_name":"Alex Lignow","author_link":"https:\/\/www.galerie-bender.de\/de\/author\/lignow\/"},"uagb_comment_info":0,"uagb_excerpt":"Die Galerie Renate Bender wurde 1987 gegr\u00fcndet und befindet sich seit April 2014 in der T\u00fcrkenstra\u00dfe 11 in M\u00fcnchen, in direkter Nachbarschaft zu den Pinakotheken.\u00a0Von Beginn an widmet sich die Galerie der zeitgen\u00f6ssischen Kunst mit der Ausrichtung auf reduzierte Formen der Malerei, Fotografie und Bildhauerei, vorwiegend im Bereich minimaler, monochromer und konkreter Ausdrucksformen mit internationaler&hellip;","_links":{"self":[{"href":"https:\/\/www.galerie-bender.de\/de\/wp-json\/wp\/v2\/pages\/291","targetHints":{"allow":["GET"]}}],"collection":[{"href":"https:\/\/www.galerie-bender.de\/de\/wp-json\/wp\/v2\/pages"}],"about":[{"href":"https:\/\/www.galerie-bender.de\/de\/wp-json\/wp\/v2\/types\/page"}],"author":[{"embeddable":true,"href":"https:\/\/www.galerie-bender.de\/de\/wp-json\/wp\/v2\/users\/2"}],"replies":[{"embeddable":true,"href":"https:\/\/www.galerie-bender.de\/de\/wp-json\/wp\/v2\/comments?post=291"}],"version-history":[{"count":0,"href":"https:\/\/www.galerie-bender.de\/de\/wp-json\/wp\/v2\/pages\/291\/revisions"}],"wp:attachment":[{"href":"https:\/\/www.galerie-bender.de\/de\/wp-json\/wp\/v2\/media?parent=291"}],"curies":[{"name":"wp","href":"https:\/\/api.w.org\/{rel}","templated":true}]}}